{"id":39,"date":"2025-07-13T19:57:47","date_gmt":"2025-07-13T17:57:47","guid":{"rendered":"http:\/\/psychologue-rennes-sap.fr\/?page_id=39"},"modified":"2025-07-13T19:57:47","modified_gmt":"2025-07-13T17:57:47","slug":"le-cabinet","status":"publish","type":"page","link":"https:\/\/psychologue-rennes-sap.fr\/?page_id=39","title":{"rendered":"Le cabinet"},"content":{"rendered":"\n<p>Le cabinet se situe au 7<sup>\u00e8me<\/sup> \u00e9tage du 12 quai Duguay-Trouin \u00e0 Rennes. <\/p>\n\n\n\n<p>Il est facilement accessible en m\u00e9tro depuis les arr\u00eats R\u00e9publique (ligne a) et Saint-Germain (ligne b).<\/p>\n\n\n\n<p>L&rsquo;immeuble est \u00e9quip\u00e9 d&rsquo;un ascenseur.<\/p>\n\n\n\n<figure class=\"wp-block-gallery has-nested-images columns-default is-cropped wp-block-gallery-1 is-layout-flex wp-block-gallery-is-layout-flex\">\n<figure class=\"wp-block-image size-large is-resized\"><img loading=\"lazy\" decoding=\"async\" width=\"600\" height=\"800\" data-id=\"43\" src=\"https:\/\/psychologue-rennes-sap.fr\/wp-content\/uploads\/2025\/07\/64d35fe973411dab8f34d7b9462b8c9d807d1184.jpg\" alt=\"\" class=\"wp-image-43\" style=\"width:375px;height:auto\" srcset=\"https:\/\/psychologue-rennes-sap.fr\/wp-content\/uploads\/2025\/07\/64d35fe973411dab8f34d7b9462b8c9d807d1184.jpg 600w, https:\/\/psychologue-rennes-sap.fr\/wp-content\/uploads\/2025\/07\/64d35fe973411dab8f34d7b9462b8c9d807d1184-225x300.jpg 225w\" sizes=\"auto, (max-width: 600px) 100vw, 600px\" \/><\/figure>\n\n\n\n<figure class=\"wp-block-image size-large is-resized\"><img loading=\"lazy\" decoding=\"async\" width=\"526\" height=\"700\" data-id=\"44\" src=\"https:\/\/psychologue-rennes-sap.fr\/wp-content\/uploads\/2025\/07\/hk9p6egk531nfiqkglms.webp\" alt=\"\" class=\"wp-image-44\" style=\"width:375px;height:auto\" srcset=\"https:\/\/psychologue-rennes-sap.fr\/wp-content\/uploads\/2025\/07\/hk9p6egk531nfiqkglms.webp 526w, https:\/\/psychologue-rennes-sap.fr\/wp-content\/uploads\/2025\/07\/hk9p6egk531nfiqkglms-225x300.webp 225w\" sizes=\"auto, (max-width: 526px) 100vw, 526px\" \/><\/figure>\n<\/figure>\n\n\n\n<figure class=\"wp-block-image aligncenter size-large is-resized\"><img loading=\"lazy\" decoding=\"async\" width=\"1024\" height=\"768\" src=\"https:\/\/psychologue-rennes-sap.fr\/wp-content\/uploads\/2025\/07\/3fb387a601f308d2a09c4819f38def4830759aff-1-1024x768.jpg\" alt=\"\" class=\"wp-image-40\" style=\"width:519px;height:auto\" srcset=\"https:\/\/psychologue-rennes-sap.fr\/wp-content\/uploads\/2025\/07\/3fb387a601f308d2a09c4819f38def4830759aff-1-1024x768.jpg 1024w, https:\/\/psychologue-rennes-sap.fr\/wp-content\/uploads\/2025\/07\/3fb387a601f308d2a09c4819f38def4830759aff-1-300x225.jpg 300w, https:\/\/psychologue-rennes-sap.fr\/wp-content\/uploads\/2025\/07\/3fb387a601f308d2a09c4819f38def4830759aff-1-768x576.jpg 768w, https:\/\/psychologue-rennes-sap.fr\/wp-content\/uploads\/2025\/07\/3fb387a601f308d2a09c4819f38def4830759aff-1.jpg 1067w\" sizes=\"auto, (max-width: 1024px) 100vw, 1024px\" \/><\/figure>\n\n\n\n<figure class=\"wp-block-gallery has-nested-images columns-default is-cropped wp-block-gallery-2 is-layout-flex wp-block-gallery-is-layout-flex\"><\/figure>\n\n\n\n<p><\/p>\n","protected":false},"excerpt":{"rendered":"<p>Le cabinet se situe au 7\u00e8me \u00e9tage du 12 quai Duguay-Trouin \u00e0 Rennes. Il est facilement accessible en m\u00e9tro depuis les arr\u00eats R\u00e9publique (ligne a) et Saint-Germain (ligne b). L&rsquo;immeuble est \u00e9quip\u00e9 d&rsquo;un ascenseur.<\/p>\n","protected":false},"author":1,"featured_media":0,"parent":0,"menu_order":0,"comment_status":"closed","ping_status":"closed","template":"","meta":{"footnotes":""},"class_list":["post-39","page","type-page","status-publish","hentry"],"_links":{"self":[{"href":"https:\/\/psychologue-rennes-sap.fr\/index.php?rest_route=\/wp\/v2\/pages\/39","targetHints":{"allow":["GET"]}}],"collection":[{"href":"https:\/\/psychologue-rennes-sap.fr\/index.php?rest_route=\/wp\/v2\/pages"}],"about":[{"href":"https:\/\/psychologue-rennes-sap.fr\/index.php?rest_route=\/wp\/v2\/types\/page"}],"author":[{"embeddable":true,"href":"https:\/\/psychologue-rennes-sap.fr\/index.php?rest_route=\/wp\/v2\/users\/1"}],"replies":[{"embeddable":true,"href":"https:\/\/psychologue-rennes-sap.fr\/index.php?rest_route=%2Fwp%2Fv2%2Fcomments&post=39"}],"version-history":[{"count":1,"href":"https:\/\/psychologue-rennes-sap.fr\/index.php?rest_route=\/wp\/v2\/pages\/39\/revisions"}],"predecessor-version":[{"id":46,"href":"https:\/\/psychologue-rennes-sap.fr\/index.php?rest_route=\/wp\/v2\/pages\/39\/revisions\/46"}],"wp:attachment":[{"href":"https:\/\/psychologue-rennes-sap.fr\/index.php?rest_route=%2Fwp%2Fv2%2Fmedia&parent=39"}],"curies":[{"name":"wp","href":"https:\/\/api.w.org\/{rel}","templated":true}]}}